{"id":107,"date":"2026-01-21T23:51:47","date_gmt":"2026-01-22T02:51:47","guid":{"rendered":"http:\/\/jreges"},"modified":"2026-01-21T23:51:47","modified_gmt":"2026-01-22T02:51:47","slug":"amcevale","status":"publish","type":"page","link":"https:\/\/1275cloud.com.br\/apamilajes\/amcevale\/","title":{"rendered":"A AMCEVALE"},"content":{"rendered":"<p style=\"text-align: justify;\"><b><\/b>A <strong>Associa\u00e7\u00e3o dos Munic\u00edpios da Regi\u00e3o Central e Vale do A\u00e7u Potiguar (AMCEVALE)<\/strong> \u00e9 uma entidade sem fins lucrativos que congrega, inicialmente, \u00a020 prefeituras municipais das microrregi\u00f5es do <strong>Vale do A\u00e7u<\/strong> e da <strong>Regi\u00e3o Central<\/strong> do Estado do Rio Grande do Norte. Fundada em <strong>2021<\/strong>, a Associa\u00e7\u00e3o tem sua sede social localizada no munic\u00edpio de <strong>Ass\u00fa\/RN<\/strong>, funcionando como ponto de articula\u00e7\u00e3o e desenvolvimento regional. Atualmente \u00e9 Presidida pelo Prefeito de Ass\u00fa\/RN, Luis Eduardo Pimentel Soares e o Vice-Presidente o Prefeito de Angicos\/RN, Miguel Pinheiro Neto para o Bi\u00eanio 2025-2026.<\/p>\n<p>Desde sua cria\u00e7\u00e3o, a AMCEVALE tem se consolidado como uma voz ativa na defesa dos interesses dos munic\u00edpios associados, estruturando sua atua\u00e7\u00e3o nos primeiros anos em <strong>tr\u00eas pilares<\/strong>:<\/p>\n<p><a href=\"https:\/\/amcevale.com.br\/wp-content\/uploads\/2025\/06\/amcevale-pilares-2.webp\"><img fetchpriority=\"high\" decoding=\"async\" class=\"size-full wp-image-7940 aligncenter\" src=\"https:\/\/amcevale.com.br\/wp-content\/uploads\/2025\/06\/amcevale-pilares-2.webp\" alt=\"\" width=\"1315\" height=\"837\" \/><\/a><\/p>\n<p>&nbsp;<\/p>\n<p>A AMCEVALE \u00e9, portanto, uma entidade comprometida com o <strong>desenvolvimento regional sustent\u00e1vel<\/strong>, a <strong>uni\u00e3o dos munic\u00edpios<\/strong> e a <strong>melhoria da qualidade de vida da popula\u00e7\u00e3o<\/strong>. Ao longo de seus primeiros quatro anos, firmou-se como refer\u00eancia em coopera\u00e7\u00e3o intermunicipal no Rio Grande do Norte, e segue empenhada em ampliar seu impacto e atua\u00e7\u00e3o estrat\u00e9gica em benef\u00edcio das cidades que representa.<\/p>\n<p>&nbsp;<\/p>\n","protected":false},"excerpt":{"rendered":"<p>A Associa\u00e7\u00e3o dos Munic\u00edpios da Regi\u00e3o Central e Vale do A\u00e7u Potiguar (AMCEVALE) \u00e9 uma entidade sem fins lucrativos que congrega, inicialmente, \u00a020 prefeituras municipais das microrregi\u00f5es do Vale do A\u00e7u e da Regi\u00e3o Central do Estado do Rio Grande do Norte. Fundada em 2021, a Associa\u00e7\u00e3o tem sua sede social localizada no munic\u00edpio de [&hellip;]<\/p>\n","protected":false},"author":1,"featured_media":108,"parent":0,"menu_order":0,"comment_status":"open","ping_status":"open","template":"","meta":{"footnotes":""},"class_list":["post-107","page","type-page","status-publish","has-post-thumbnail","hentry"],"yoast_head":"<!-- This site is optimized with the Yoast SEO Premium plugin v24.3 (Yoast SEO v24.3) - https:\/\/yoast.com\/wordpress\/plugins\/seo\/ -->\n<title>A AMCEVALE - APAMI LAJES - RN<\/title>\n<meta name=\"robots\" content=\"index, follow, max-snippet:-1, max-image-preview:large, max-video-preview:-1\" \/>\n<link rel=\"canonical\" href=\"https:\/\/1275cloud.com.br\/apamilajes\/amcevale\/\" \/>\n<meta property=\"og:locale\" content=\"pt_BR\" \/>\n<meta property=\"og:type\" content=\"article\" \/>\n<meta property=\"og:title\" content=\"A AMCEVALE\" \/>\n<meta property=\"og:description\" content=\"A Associa\u00e7\u00e3o dos Munic\u00edpios da Regi\u00e3o Central e Vale do A\u00e7u Potiguar (AMCEVALE) \u00e9 uma entidade sem fins lucrativos que congrega, inicialmente, \u00a020 prefeituras municipais das microrregi\u00f5es do Vale do A\u00e7u e da Regi\u00e3o Central do Estado do Rio Grande do Norte. Fundada em 2021, a Associa\u00e7\u00e3o tem sua sede social localizada no munic\u00edpio de [&hellip;]\" \/>\n<meta property=\"og:url\" content=\"https:\/\/1275cloud.com.br\/apamilajes\/amcevale\/\" \/>\n<meta property=\"og:site_name\" content=\"APAMI LAJES - RN\" \/>\n<meta name=\"twitter:card\" content=\"summary_large_image\" \/>\n<meta name=\"twitter:label1\" content=\"Est. tempo de leitura\" \/>\n\t<meta name=\"twitter:data1\" content=\"1 minuto\" \/>\n<script type=\"application\/ld+json\" class=\"yoast-schema-graph\">{\"@context\":\"https:\/\/schema.org\",\"@graph\":[{\"@type\":\"WebPage\",\"@id\":\"https:\/\/1275cloud.com.br\/apamilajes\/amcevale\/\",\"url\":\"https:\/\/1275cloud.com.br\/apamilajes\/amcevale\/\",\"name\":\"A AMCEVALE - APAMI LAJES - RN\",\"isPartOf\":{\"@id\":\"https:\/\/1275cloud.com.br\/apamilajes\/#website\"},\"primaryImageOfPage\":{\"@id\":\"https:\/\/1275cloud.com.br\/apamilajes\/amcevale\/#primaryimage\"},\"image\":{\"@id\":\"https:\/\/1275cloud.com.br\/apamilajes\/amcevale\/#primaryimage\"},\"thumbnailUrl\":\"https:\/\/1275cloud.com.br\/apamilajes\/wp-content\/uploads\/sites\/13\/2025\/06\/amcevale-pilares-2.webp\",\"datePublished\":\"2026-01-22T02:51:47+00:00\",\"dateModified\":\"2026-01-22T02:51:47+00:00\",\"breadcrumb\":{\"@id\":\"https:\/\/1275cloud.com.br\/apamilajes\/amcevale\/#breadcrumb\"},\"inLanguage\":\"pt-BR\",\"potentialAction\":[{\"@type\":\"ReadAction\",\"target\":[\"https:\/\/1275cloud.com.br\/apamilajes\/amcevale\/\"]}]},{\"@type\":\"ImageObject\",\"inLanguage\":\"pt-BR\",\"@id\":\"https:\/\/1275cloud.com.br\/apamilajes\/amcevale\/#primaryimage\",\"url\":\"https:\/\/1275cloud.com.br\/apamilajes\/wp-content\/uploads\/sites\/13\/2025\/06\/amcevale-pilares-2.webp\",\"contentUrl\":\"https:\/\/1275cloud.com.br\/apamilajes\/wp-content\/uploads\/sites\/13\/2025\/06\/amcevale-pilares-2.webp\",\"width\":1315,\"height\":837},{\"@type\":\"BreadcrumbList\",\"@id\":\"https:\/\/1275cloud.com.br\/apamilajes\/amcevale\/#breadcrumb\",\"itemListElement\":[{\"@type\":\"ListItem\",\"position\":1,\"name\":\"In\u00edcio\",\"item\":\"https:\/\/1275cloud.com.br\/apamilajes\/\"},{\"@type\":\"ListItem\",\"position\":2,\"name\":\"A AMCEVALE\"}]},{\"@type\":\"WebSite\",\"@id\":\"https:\/\/1275cloud.com.br\/apamilajes\/#website\",\"url\":\"https:\/\/1275cloud.com.br\/apamilajes\/\",\"name\":\"APAMI LAJES - RN\",\"description\":\"\",\"potentialAction\":[{\"@type\":\"SearchAction\",\"target\":{\"@type\":\"EntryPoint\",\"urlTemplate\":\"https:\/\/1275cloud.com.br\/apamilajes\/?s={search_term_string}\"},\"query-input\":{\"@type\":\"PropertyValueSpecification\",\"valueRequired\":true,\"valueName\":\"search_term_string\"}}],\"inLanguage\":\"pt-BR\"}]}<\/script>\n<!-- \/ Yoast SEO Premium plugin. -->","yoast_head_json":{"title":"A AMCEVALE - APAMI LAJES - RN","robots":{"index":"index","follow":"follow","max-snippet":"max-snippet:-1","max-image-preview":"max-image-preview:large","max-video-preview":"max-video-preview:-1"},"canonical":"https:\/\/1275cloud.com.br\/apamilajes\/amcevale\/","og_locale":"pt_BR","og_type":"article","og_title":"A AMCEVALE","og_description":"A Associa\u00e7\u00e3o dos Munic\u00edpios da Regi\u00e3o Central e Vale do A\u00e7u Potiguar (AMCEVALE) \u00e9 uma entidade sem fins lucrativos que congrega, inicialmente, \u00a020 prefeituras municipais das microrregi\u00f5es do Vale do A\u00e7u e da Regi\u00e3o Central do Estado do Rio Grande do Norte. Fundada em 2021, a Associa\u00e7\u00e3o tem sua sede social localizada no munic\u00edpio de [&hellip;]","og_url":"https:\/\/1275cloud.com.br\/apamilajes\/amcevale\/","og_site_name":"APAMI LAJES - RN","twitter_card":"summary_large_image","twitter_misc":{"Est. tempo de leitura":"1 minuto"},"schema":{"@context":"https:\/\/schema.org","@graph":[{"@type":"WebPage","@id":"https:\/\/1275cloud.com.br\/apamilajes\/amcevale\/","url":"https:\/\/1275cloud.com.br\/apamilajes\/amcevale\/","name":"A AMCEVALE - APAMI LAJES - RN","isPartOf":{"@id":"https:\/\/1275cloud.com.br\/apamilajes\/#website"},"primaryImageOfPage":{"@id":"https:\/\/1275cloud.com.br\/apamilajes\/amcevale\/#primaryimage"},"image":{"@id":"https:\/\/1275cloud.com.br\/apamilajes\/amcevale\/#primaryimage"},"thumbnailUrl":"https:\/\/1275cloud.com.br\/apamilajes\/wp-content\/uploads\/sites\/13\/2025\/06\/amcevale-pilares-2.webp","datePublished":"2026-01-22T02:51:47+00:00","dateModified":"2026-01-22T02:51:47+00:00","breadcrumb":{"@id":"https:\/\/1275cloud.com.br\/apamilajes\/amcevale\/#breadcrumb"},"inLanguage":"pt-BR","potentialAction":[{"@type":"ReadAction","target":["https:\/\/1275cloud.com.br\/apamilajes\/amcevale\/"]}]},{"@type":"ImageObject","inLanguage":"pt-BR","@id":"https:\/\/1275cloud.com.br\/apamilajes\/amcevale\/#primaryimage","url":"https:\/\/1275cloud.com.br\/apamilajes\/wp-content\/uploads\/sites\/13\/2025\/06\/amcevale-pilares-2.webp","contentUrl":"https:\/\/1275cloud.com.br\/apamilajes\/wp-content\/uploads\/sites\/13\/2025\/06\/amcevale-pilares-2.webp","width":1315,"height":837},{"@type":"BreadcrumbList","@id":"https:\/\/1275cloud.com.br\/apamilajes\/amcevale\/#breadcrumb","itemListElement":[{"@type":"ListItem","position":1,"name":"In\u00edcio","item":"https:\/\/1275cloud.com.br\/apamilajes\/"},{"@type":"ListItem","position":2,"name":"A AMCEVALE"}]},{"@type":"WebSite","@id":"https:\/\/1275cloud.com.br\/apamilajes\/#website","url":"https:\/\/1275cloud.com.br\/apamilajes\/","name":"APAMI LAJES - RN","description":"","potentialAction":[{"@type":"SearchAction","target":{"@type":"EntryPoint","urlTemplate":"https:\/\/1275cloud.com.br\/apamilajes\/?s={search_term_string}"},"query-input":{"@type":"PropertyValueSpecification","valueRequired":true,"valueName":"search_term_string"}}],"inLanguage":"pt-BR"}]}},"_links":{"self":[{"href":"https:\/\/1275cloud.com.br\/apamilajes\/wp-json\/wp\/v2\/pages\/107","targetHints":{"allow":["GET"]}}],"collection":[{"href":"https:\/\/1275cloud.com.br\/apamilajes\/wp-json\/wp\/v2\/pages"}],"about":[{"href":"https:\/\/1275cloud.com.br\/apamilajes\/wp-json\/wp\/v2\/types\/page"}],"author":[{"embeddable":true,"href":"https:\/\/1275cloud.com.br\/apamilajes\/wp-json\/wp\/v2\/users\/1"}],"replies":[{"embeddable":true,"href":"https:\/\/1275cloud.com.br\/apamilajes\/wp-json\/wp\/v2\/comments?post=107"}],"version-history":[{"count":0,"href":"https:\/\/1275cloud.com.br\/apamilajes\/wp-json\/wp\/v2\/pages\/107\/revisions"}],"wp:featuredmedia":[{"embeddable":true,"href":"https:\/\/1275cloud.com.br\/apamilajes\/wp-json\/wp\/v2\/media\/108"}],"wp:attachment":[{"href":"https:\/\/1275cloud.com.br\/apamilajes\/wp-json\/wp\/v2\/media?parent=107"}],"curies":[{"name":"wp","href":"https:\/\/api.w.org\/{rel}","templated":true}]}}